


{"id":2,"date":"2016-05-04T22:42:18","date_gmt":"2016-05-04T19:42:18","guid":{"rendered":"http:\/\/www.yeryuzundebirkacadim.com\/?page_id=2"},"modified":"2017-01-16T23:43:14","modified_gmt":"2017-01-16T20:43:14","slug":"ornek-sayfa","status":"publish","type":"page","link":"https:\/\/www.yeryuzundebirkacadim.com\/index.php\/ornek-sayfa\/","title":{"rendered":"Hakk\u0131mda"},"content":{"rendered":"<div class=\"row\">\n<div class=\"col-md-6\">\n<p>Merhaba,<br \/>\nBu siteyi meydana getirirken, gezdi\u011fim yerleri size tan\u0131tmak, gitti\u011finizde size kolayl\u0131k sa\u011flayacak bilgileri aktarmak, gezilerinizden daha fazla zevk alman\u0131z\u0131 sa\u011flamak istedim.<\/p>\n<p>Buradaki yaz\u0131lar, al\u0131\u015f\u0131lm\u0131\u015f gezi bloglar\u0131na g\u00f6re daha uzun gelecek size. Foto\u011fraf say\u0131s\u0131n\u0131 da fazla bulabilirsiniz. Ama bu \u015fekli ile daha verimli ve faydal\u0131 olaca\u011f\u0131n\u0131 d\u00fc\u015f\u00fcnd\u00fcm. Genellikle e\u015fim ve ailemle yapt\u0131\u011f\u0131m gezilerdeki \u00e7ekilen foto\u011fraflar\u0131n g\u00fczel olanlar\u0131 e\u015fim Ali Vefa&#8217;ya aittir :)).<\/p>\n<p>Takdir ve tenkitlerinizi bilmek beni mutlu edecek. Sa\u011fl\u0131kl\u0131, mutlu, verimli bir hayat ve geziye ayr\u0131lm\u0131\u015f bol zaman dileklerimle&#8230;<\/p>\n<\/div>\n<div class=\"col-md-6\">\n<p><img decoding=\"async\" src=\"https:\/\/www.yeryuzundebirkacadim.com\/wp-content\/uploads\/2016\/05\/60fe91_df4ff7e8a1104245a95d2639b284010e.jpg\" \/><\/p>\n<\/div>\n<\/div>\n","protected":false},"excerpt":{"rendered":"<p>Merhaba, Bu siteyi meydana getirirken, gezdi\u011fim yerleri size tan\u0131tmak, gitti\u011finizde size kolayl\u0131k sa\u011flayacak bilgileri aktarmak, gezilerinizden daha fazla zevk alman\u0131z\u0131 sa\u011flamak istedim. Buradaki yaz\u0131lar, al\u0131\u015f\u0131lm\u0131\u015f gezi bloglar\u0131na g\u00f6re daha uzun gelecek size. Foto\u011fraf say\u0131s\u0131n\u0131 da fazla bulabilirsiniz. Ama bu \u015fekli ile daha verimli ve faydal\u0131 olaca\u011f\u0131n\u0131 d\u00fc\u015f\u00fcnd\u00fcm. Genellikle e\u015fim ve ailemle yapt\u0131\u011f\u0131m gezilerdeki \u00e7ekilen foto\u011fraflar\u0131n [&hellip;]<\/p>\n","protected":false},"author":1,"featured_media":0,"parent":0,"menu_order":0,"comment_status":"closed","ping_status":"closed","template":"","meta":{"footnotes":""},"class_list":["post-2","page","type-page","status-publish","hentry"],"_links":{"self":[{"href":"https:\/\/www.yeryuzundebirkacadim.com\/index.php\/wp-json\/wp\/v2\/pages\/2","targetHints":{"allow":["GET"]}}],"collection":[{"href":"https:\/\/www.yeryuzundebirkacadim.com\/index.php\/wp-json\/wp\/v2\/pages"}],"about":[{"href":"https:\/\/www.yeryuzundebirkacadim.com\/index.php\/wp-json\/wp\/v2\/types\/page"}],"author":[{"embeddable":true,"href":"https:\/\/www.yeryuzundebirkacadim.com\/index.php\/wp-json\/wp\/v2\/users\/1"}],"replies":[{"embeddable":true,"href":"https:\/\/www.yeryuzundebirkacadim.com\/index.php\/wp-json\/wp\/v2\/comments?post=2"}],"version-history":[{"count":4,"href":"https:\/\/www.yeryuzundebirkacadim.com\/index.php\/wp-json\/wp\/v2\/pages\/2\/revisions"}],"predecessor-version":[{"id":746,"href":"https:\/\/www.yeryuzundebirkacadim.com\/index.php\/wp-json\/wp\/v2\/pages\/2\/revisions\/746"}],"wp:attachment":[{"href":"https:\/\/www.yeryuzundebirkacadim.com\/index.php\/wp-json\/wp\/v2\/media?parent=2"}],"curies":[{"name":"wp","href":"https:\/\/api.w.org\/{rel}","templated":true}]}}